{"id":2870,"date":"2025-06-02T07:43:51","date_gmt":"2025-06-02T07:43:51","guid":{"rendered":"https:\/\/foodnjoy.misari.fr\/developpement-durable\/"},"modified":"2025-09-02T09:21:12","modified_gmt":"2025-09-02T09:21:12","slug":"developpement-durable","status":"publish","type":"page","link":"https:\/\/www.foodandjoy.be\/fr\/developpement-durable\/","title":{"rendered":"D\u00e9veloppement durable"},"content":{"rendered":"\t\t<div data-elementor-type=\"wp-page\" data-elementor-id=\"2870\" class=\"elementor elementor-2870 elementor-64\" data-elementor-post-type=\"page\">\n\t\t\t\t<div class=\"elementor-element elementor-element-f09ef2a e-flex e-con-boxed e-con e-parent\" data-id=\"f09ef2a\" data-element_type=\"container\" data-e-type=\"container\" data-settings=\"{&quot;background_background&quot;:&quot;classic&quot;}\">\n\t\t\t\t\t<div class=\"e-con-inner\">\n\t\t\t\t<div class=\"elementor-element elementor-element-0792df0 elementor-widget elementor-widget-heading\" data-id=\"0792df0\" data-element_type=\"widget\" data-e-type=\"widget\" data-widget_type=\"heading.default\">\n\t\t\t\t<div class=\"elementor-widget-container\">\n\t\t\t\t\t<h1 class=\"elementor-heading-title elementor-size-default\">D\u00e9veloppement durable<\/h1>\t\t\t\t<\/div>\n\t\t\t\t<\/div>\n\t\t\t\t<div class=\"elementor-element elementor-element-a9f0d44 elementor-widget elementor-widget-button\" data-id=\"a9f0d44\" data-element_type=\"widget\" data-e-type=\"widget\" data-widget_type=\"button.default\">\n\t\t\t\t<div class=\"elementor-widget-container\">\n\t\t\t\t\t\t\t\t\t<div class=\"elementor-button-wrapper\">\n\t\t\t\t\t<a class=\"elementor-button elementor-button-link elementor-size-sm\" href=\"https:\/\/www.foodandjoy.be\/wp-content\/uploads\/2025\/07\/Rapport-DD-2023-FNJ_FR.vF_.pdf\" target=\"_blank\">\n\t\t\t\t\t\t<span class=\"elementor-button-content-wrapper\">\n\t\t\t\t\t\t<span class=\"elementor-button-icon\">\n\t\t\t\t<svg aria-hidden=\"true\" class=\"e-font-icon-svg e-fas-arrow-right\" viewBox=\"0 0 448 512\" xmlns=\"http:\/\/www.w3.org\/2000\/svg\"><path d=\"M190.5 66.9l22.2-22.2c9.4-9.4 24.6-9.4 33.9 0L441 239c9.4 9.4 9.4 24.6 0 33.9L246.6 467.3c-9.4 9.4-24.6 9.4-33.9 0l-22.2-22.2c-9.5-9.5-9.3-25 .4-34.3L311.4 296H24c-13.3 0-24-10.7-24-24v-32c0-13.3 10.7-24 24-24h287.4L190.9 101.2c-9.8-9.3-10-24.8-.4-34.3z\"><\/path><\/svg>\t\t\t<\/span>\n\t\t\t\t\t\t\t\t\t<span class=\"elementor-button-text\">T\u00e9l\u00e9charger notre rapport RSE<\/span>\n\t\t\t\t\t<\/span>\n\t\t\t\t\t<\/a>\n\t\t\t\t<\/div>\n\t\t\t\t\t\t\t\t<\/div>\n\t\t\t\t<\/div>\n\t\t\t\t\t<\/div>\n\t\t\t\t<\/div>\n\t\t<div class=\"elementor-element elementor-element-b9d874b e-flex e-con-boxed e-con e-parent\" data-id=\"b9d874b\" data-element_type=\"container\" data-e-type=\"container\">\n\t\t\t\t\t<div class=\"e-con-inner\">\n\t\t<div class=\"elementor-element elementor-element-0dc71de e-con-full e-flex e-con e-child\" data-id=\"0dc71de\" data-element_type=\"container\" data-e-type=\"container\">\n\t\t\t\t<div class=\"elementor-element elementor-element-96a6e8f elementor-widget__width-initial elementor-widget elementor-widget-heading\" data-id=\"96a6e8f\" data-element_type=\"widget\" data-e-type=\"widget\" data-widget_type=\"heading.default\">\n\t\t\t\t<div class=\"elementor-widget-container\">\n\t\t\t\t\t<h2 class=\"elementor-heading-title elementor-size-default\">D\u00e9couvrez nos valeurs\n<\/h2>\t\t\t\t<\/div>\n\t\t\t\t<\/div>\n\t\t\t\t<div class=\"elementor-element elementor-element-78a6de4 elementor-widget__width-initial elementor-widget elementor-widget-text-editor\" data-id=\"78a6de4\" data-element_type=\"widget\" data-e-type=\"widget\" data-widget_type=\"text-editor.default\">\n\t\t\t\t<div class=\"elementor-widget-container\">\n\t\t\t\t\t\t\t\t\t<p>Depuis plusieurs ann\u00e9es, Foodn&rsquo;joy s&rsquo;est engag\u00e9 dans une d\u00e9marche de responsabilit\u00e9 sociale et environnementale. Chaque ann\u00e9e, nous mesurons nos impacts et fixons des objectifs de progr\u00e8s. L&rsquo;\u00e9nergie, l&#8217;emballage, la composition de nos produits, l&rsquo;environnement de travail de nos employ\u00e9s sont autant de sujets sur lesquels nous travaillons pour am\u00e9liorer notre durabilit\u00e9.<\/p>\t\t\t\t\t\t\t\t<\/div>\n\t\t\t\t<\/div>\n\t\t\t\t<\/div>\n\t\t\t\t<div class=\"elementor-element elementor-element-72669de elementor-widget__width-initial elementor-widget elementor-widget-video\" data-id=\"72669de\" data-element_type=\"widget\" data-e-type=\"widget\" data-settings=\"{&quot;youtube_url&quot;:&quot;https:\\\/\\\/www.youtube.com\\\/watch?v=FD8Z2yz-j8U&amp;t&quot;,&quot;video_type&quot;:&quot;youtube&quot;,&quot;controls&quot;:&quot;yes&quot;}\" data-widget_type=\"video.default\">\n\t\t\t\t<div class=\"elementor-widget-container\">\n\t\t\t\t\t\t\t<div class=\"elementor-wrapper elementor-open-inline\">\n\t\t\t<div class=\"elementor-video\"><\/div>\t\t<\/div>\n\t\t\t\t\t\t<\/div>\n\t\t\t\t<\/div>\n\t\t\t\t\t<\/div>\n\t\t\t\t<\/div>\n\t\t<div class=\"elementor-element elementor-element-e3f14d0 e-flex e-con-boxed e-con e-parent\" data-id=\"e3f14d0\" data-element_type=\"container\" data-e-type=\"container\" data-settings=\"{&quot;background_background&quot;:&quot;classic&quot;}\">\n\t\t\t\t\t<div class=\"e-con-inner\">\n\t\t<div class=\"elementor-element elementor-element-096f821 e-con-full e-flex e-con e-child\" data-id=\"096f821\" data-element_type=\"container\" data-e-type=\"container\">\n\t\t\t\t<div class=\"elementor-element elementor-element-2bcc7d8 elementor-widget__width-initial elementor-widget elementor-widget-image\" data-id=\"2bcc7d8\" data-element_type=\"widget\" data-e-type=\"widget\" data-widget_type=\"image.default\">\n\t\t\t\t<div class=\"elementor-widget-container\">\n\t\t\t\t\t\t\t\t\t\t\t\t\t\t\t<img fetchpriority=\"high\" decoding=\"async\" width=\"708\" height=\"508\" src=\"https:\/\/www.foodandjoy.be\/wp-content\/uploads\/2025\/06\/environment-tartlet.webp\" class=\"attachment-large size-large wp-image-2678\" alt=\"vegan product\" srcset=\"https:\/\/www.foodandjoy.be\/wp-content\/uploads\/2025\/06\/environment-tartlet.webp 708w, https:\/\/www.foodandjoy.be\/wp-content\/uploads\/2025\/06\/environment-tartlet-300x215.webp 300w\" sizes=\"(max-width: 708px) 100vw, 708px\" \/>\t\t\t\t\t\t\t\t\t\t\t\t\t\t\t<\/div>\n\t\t\t\t<\/div>\n\t\t\t\t<\/div>\n\t\t<div class=\"elementor-element elementor-element-a14b030 e-con-full e-flex e-con e-child\" data-id=\"a14b030\" data-element_type=\"container\" data-e-type=\"container\">\n\t\t<div class=\"elementor-element elementor-element-91a04a3 e-con-full e-flex e-con e-child\" data-id=\"91a04a3\" data-element_type=\"container\" data-e-type=\"container\">\n\t\t\t\t<div class=\"elementor-element elementor-element-22d19c2 elementor-widget elementor-widget-heading\" data-id=\"22d19c2\" data-element_type=\"widget\" data-e-type=\"widget\" data-widget_type=\"heading.default\">\n\t\t\t\t<div class=\"elementor-widget-container\">\n\t\t\t\t\t<h2 class=\"elementor-heading-title elementor-size-default\">Fabrication artisanale de produits sains et naturels<\/h2>\t\t\t\t<\/div>\n\t\t\t\t<\/div>\n\t\t\t\t<div class=\"elementor-element elementor-element-a764a82 elementor-widget__width-initial elementor-widget elementor-widget-text-editor\" data-id=\"a764a82\" data-element_type=\"widget\" data-e-type=\"widget\" data-widget_type=\"text-editor.default\">\n\t\t\t\t<div class=\"elementor-widget-container\">\n\t\t\t\t\t\t\t\t\t<p>Nous essayons constamment de simplifier nos recettes en les rapprochant le plus possible de l&rsquo;ingr\u00e9dient brut. C&rsquo;est ainsi que nous avons reformul\u00e9 nos recettes pour r\u00e9duire au maximum la pr\u00e9sence de conservateurs, d&rsquo;additifs ou de sucre. Tous nos produits sont sans alcool et sans conservateurs ajout\u00e9s.<\/p>\t\t\t\t\t\t\t\t<\/div>\n\t\t\t\t<\/div>\n\t\t\t\t<div class=\"elementor-element elementor-element-aae21d7 elementor-widget elementor-widget-button\" data-id=\"aae21d7\" data-element_type=\"widget\" data-e-type=\"widget\" data-widget_type=\"button.default\">\n\t\t\t\t<div class=\"elementor-widget-container\">\n\t\t\t\t\t\t\t\t\t<div class=\"elementor-button-wrapper\">\n\t\t\t\t\t<a class=\"elementor-button elementor-button-link elementor-size-sm\" href=\"https:\/\/www.foodandjoy.be\/fr\/produits-100-dorigine-vegetale-sans-gluten\/\">\n\t\t\t\t\t\t<span class=\"elementor-button-content-wrapper\">\n\t\t\t\t\t\t<span class=\"elementor-button-icon\">\n\t\t\t\t<svg aria-hidden=\"true\" class=\"e-font-icon-svg e-fas-arrow-right\" viewBox=\"0 0 448 512\" xmlns=\"http:\/\/www.w3.org\/2000\/svg\"><path d=\"M190.5 66.9l22.2-22.2c9.4-9.4 24.6-9.4 33.9 0L441 239c9.4 9.4 9.4 24.6 0 33.9L246.6 467.3c-9.4 9.4-24.6 9.4-33.9 0l-22.2-22.2c-9.5-9.5-9.3-25 .4-34.3L311.4 296H24c-13.3 0-24-10.7-24-24v-32c0-13.3 10.7-24 24-24h287.4L190.9 101.2c-9.8-9.3-10-24.8-.4-34.3z\"><\/path><\/svg>\t\t\t<\/span>\n\t\t\t\t\t\t\t\t\t<span class=\"elementor-button-text\">D\u00e9couvrez nos produits naturels<\/span>\n\t\t\t\t\t<\/span>\n\t\t\t\t\t<\/a>\n\t\t\t\t<\/div>\n\t\t\t\t\t\t\t\t<\/div>\n\t\t\t\t<\/div>\n\t\t\t\t<\/div>\n\t\t\t\t<\/div>\n\t\t\t\t\t<\/div>\n\t\t\t\t<\/div>\n\t\t<div class=\"elementor-element elementor-element-f3a9667 e-flex e-con-boxed e-con e-parent\" data-id=\"f3a9667\" data-element_type=\"container\" data-e-type=\"container\">\n\t\t\t\t\t<div class=\"e-con-inner\">\n\t\t<div class=\"elementor-element elementor-element-0bc00e2 e-con-full e-flex e-con e-child\" data-id=\"0bc00e2\" data-element_type=\"container\" data-e-type=\"container\">\n\t\t<div class=\"elementor-element elementor-element-60f1426 e-con-full bg-img-right e-flex e-con e-child\" data-id=\"60f1426\" data-element_type=\"container\" data-e-type=\"container\">\n\t\t\t\t<div class=\"elementor-element elementor-element-b6a1da3 elementor-widget__width-initial elementor-widget elementor-widget-image\" data-id=\"b6a1da3\" data-element_type=\"widget\" data-e-type=\"widget\" data-widget_type=\"image.default\">\n\t\t\t\t<div class=\"elementor-widget-container\">\n\t\t\t\t\t\t\t\t\t\t\t\t\t\t\t<img decoding=\"async\" width=\"708\" height=\"508\" src=\"https:\/\/www.foodandjoy.be\/wp-content\/uploads\/2025\/06\/environment-waterfall.webp\" class=\"attachment-large size-large wp-image-2679\" alt=\"Forest and river image that represents sustainable develpment\" srcset=\"https:\/\/www.foodandjoy.be\/wp-content\/uploads\/2025\/06\/environment-waterfall.webp 708w, https:\/\/www.foodandjoy.be\/wp-content\/uploads\/2025\/06\/environment-waterfall-300x215.webp 300w\" sizes=\"(max-width: 708px) 100vw, 708px\" \/>\t\t\t\t\t\t\t\t\t\t\t\t\t\t\t<\/div>\n\t\t\t\t<\/div>\n\t\t\t\t<\/div>\n\t\t\t\t<\/div>\n\t\t<div class=\"elementor-element elementor-element-2d35637 e-con-full e-flex e-con e-child\" data-id=\"2d35637\" data-element_type=\"container\" data-e-type=\"container\">\n\t\t\t\t<div class=\"elementor-element elementor-element-0d1cc18 elementor-widget elementor-widget-heading\" data-id=\"0d1cc18\" data-element_type=\"widget\" data-e-type=\"widget\" data-widget_type=\"heading.default\">\n\t\t\t\t<div class=\"elementor-widget-container\">\n\t\t\t\t\t<h2 class=\"elementor-heading-title elementor-size-default\">S'ancrer localement<\/h2>\t\t\t\t<\/div>\n\t\t\t\t<\/div>\n\t\t\t\t<div class=\"elementor-element elementor-element-3300752 elementor-widget elementor-widget-text-editor\" data-id=\"3300752\" data-element_type=\"widget\" data-e-type=\"widget\" data-widget_type=\"text-editor.default\">\n\t\t\t\t<div class=\"elementor-widget-container\">\n\t\t\t\t\t\t\t\t\t<p>Parce que la finalit\u00e9 d&rsquo;une entreprise ne peut \u00eatre seulement \u00e9conomique, notre volont\u00e9 est de contribuer \u00e0 la prosp\u00e9rit\u00e9 de notre environnement. Nous offrons \u00e0 notre personnel un environnement de travail \u00e9panouissant et nos relations sont fond\u00e9es sur la confiance que nous nous accordons mutuellement. Nous s\u00e9lectionnons des fournisseurs locaux et r\u00e9gionaux parce que cela cr\u00e9e de la richesse \u00e0 proximit\u00e9 et r\u00e9duit l&rsquo;impact environnemental du transport.<\/p>\t\t\t\t\t\t\t\t<\/div>\n\t\t\t\t<\/div>\n\t\t\t\t<\/div>\n\t\t\t\t\t<\/div>\n\t\t\t\t<\/div>\n\t\t<div class=\"elementor-element elementor-element-16559d1 e-flex e-con-boxed e-con e-parent\" data-id=\"16559d1\" data-element_type=\"container\" data-e-type=\"container\">\n\t\t\t\t\t<div class=\"e-con-inner\">\n\t\t<div class=\"elementor-element elementor-element-8fb24b2 e-con-full e-flex e-con e-child\" data-id=\"8fb24b2\" data-element_type=\"container\" data-e-type=\"container\">\n\t\t\t\t<div class=\"elementor-element elementor-element-013eb7f elementor-widget elementor-widget-heading\" data-id=\"013eb7f\" data-element_type=\"widget\" data-e-type=\"widget\" data-widget_type=\"heading.default\">\n\t\t\t\t<div class=\"elementor-widget-container\">\n\t\t\t\t\t<h2 class=\"elementor-heading-title elementor-size-default\">Respecter l'environnement<\/h2>\t\t\t\t<\/div>\n\t\t\t\t<\/div>\n\t\t\t\t<div class=\"elementor-element elementor-element-4113b19 elementor-widget elementor-widget-text-editor\" data-id=\"4113b19\" data-element_type=\"widget\" data-e-type=\"widget\" data-widget_type=\"text-editor.default\">\n\t\t\t\t<div class=\"elementor-widget-container\">\n\t\t\t\t\t\t\t\t\t<p>Nous sommes conscients de notre impact sur l&rsquo;environnement. Nous cherchons constamment \u00e0 la limiter en r\u00e9duisant notre consommation d&rsquo;\u00e9nergie et d&rsquo;eau. Nous avons lanc\u00e9 une approche globale pour rendre nos conteneurs et nos emballages plus respectueux de l&rsquo;environnement en utilisant des conteneurs en verre ou en carton recyclables. Dans la mesure du possible, nous privil\u00e9gions les emballages fabriqu\u00e9s \u00e0 partir de mati\u00e8res premi\u00e8res recycl\u00e9es (carton) ou biologiques.<\/p>\t\t\t\t\t\t\t\t<\/div>\n\t\t\t\t<\/div>\n\t\t\t\t<\/div>\n\t\t<div class=\"elementor-element elementor-element-8630978 e-con-full e-flex e-con e-child\" data-id=\"8630978\" data-element_type=\"container\" data-e-type=\"container\">\n\t\t<div class=\"elementor-element elementor-element-6ea6fdf e-con-full bg-img-left e-flex e-con e-child\" data-id=\"6ea6fdf\" data-element_type=\"container\" data-e-type=\"container\">\n\t\t\t\t<div class=\"elementor-element elementor-element-7215d53 elementor-widget__width-initial elementor-widget elementor-widget-image\" data-id=\"7215d53\" data-element_type=\"widget\" data-e-type=\"widget\" data-widget_type=\"image.default\">\n\t\t\t\t<div class=\"elementor-widget-container\">\n\t\t\t\t\t\t\t\t\t\t\t\t\t\t\t<img decoding=\"async\" width=\"708\" height=\"508\" src=\"https:\/\/www.foodandjoy.be\/wp-content\/uploads\/2025\/06\/environment-forest.webp\" class=\"attachment-large size-large wp-image-2677\" alt=\"Forest image that represents sustainable develpment\" srcset=\"https:\/\/www.foodandjoy.be\/wp-content\/uploads\/2025\/06\/environment-forest.webp 708w, https:\/\/www.foodandjoy.be\/wp-content\/uploads\/2025\/06\/environment-forest-300x215.webp 300w\" sizes=\"(max-width: 708px) 100vw, 708px\" \/>\t\t\t\t\t\t\t\t\t\t\t\t\t\t\t<\/div>\n\t\t\t\t<\/div>\n\t\t\t\t<\/div>\n\t\t\t\t<\/div>\n\t\t\t\t\t<\/div>\n\t\t\t\t<\/div>\n\t\t\t\t<\/div>\n\t\t","protected":false},"excerpt":{"rendered":"<p>D\u00e9veloppement durable T\u00e9l\u00e9charger notre rapport RSE D\u00e9couvrez nos valeurs Depuis plusieurs ann\u00e9es, Foodn&rsquo;joy s&rsquo;est engag\u00e9 dans une d\u00e9marche de responsabilit\u00e9 sociale et environnementale. Chaque ann\u00e9e, nous mesurons nos impacts et fixons des objectifs de progr\u00e8s. L&rsquo;\u00e9nergie, l&#8217;emballage, la composition de nos produits, l&rsquo;environnement de travail de nos employ\u00e9s sont autant de sujets sur lesquels nous [&hellip;]<\/p>\n","protected":false},"author":1,"featured_media":0,"parent":0,"menu_order":0,"comment_status":"closed","ping_status":"closed","template":"","meta":{"_acf_changed":false,"footnotes":""},"class_list":["post-2870","page","type-page","status-publish","hentry"],"acf":[],"yoast_head":"<!-- This site is optimized with the Yoast SEO plugin v27.4 - https:\/\/yoast.com\/product\/yoast-seo-wordpress\/ -->\n<title>D\u00e9veloppement durable - Food N&#039;Joy<\/title>\n<meta name=\"description\" content=\"Depuis plusieurs ann\u00e9es, Foodn\u2019joy s&#039;engage dans une d\u00e9marche de d\u00e9veloppement durable : responsabilit\u00e9 sociale et environnementale.\" \/>\n<meta name=\"robots\" content=\"index, follow, max-snippet:-1, max-image-preview:large, max-video-preview:-1\" \/>\n<link rel=\"canonical\" href=\"https:\/\/www.foodandjoy.be\/fr\/developpement-durable\/\" \/>\n<meta property=\"og:locale\" content=\"fr_FR\" \/>\n<meta property=\"og:type\" content=\"article\" \/>\n<meta property=\"og:title\" content=\"D\u00e9veloppement durable - Food N&#039;Joy\" \/>\n<meta property=\"og:description\" content=\"Depuis plusieurs ann\u00e9es, Foodn\u2019joy s&#039;engage dans une d\u00e9marche de d\u00e9veloppement durable : responsabilit\u00e9 sociale et environnementale.\" \/>\n<meta property=\"og:url\" content=\"https:\/\/www.foodandjoy.be\/fr\/developpement-durable\/\" \/>\n<meta property=\"og:site_name\" content=\"Food N&#039;Joy\" \/>\n<meta property=\"article:modified_time\" content=\"2025-09-02T09:21:12+00:00\" \/>\n<meta property=\"og:image\" content=\"https:\/\/foodnjoy.misari.fr\/wp-content\/uploads\/2025\/06\/environment-tartlet.webp\" \/>\n<meta name=\"twitter:card\" content=\"summary_large_image\" \/>\n<meta name=\"twitter:label1\" content=\"Dur\u00e9e de lecture estim\u00e9e\" \/>\n\t<meta name=\"twitter:data1\" content=\"2 minutes\" \/>\n<script type=\"application\/ld+json\" class=\"yoast-schema-graph\">{\"@context\":\"https:\\\/\\\/schema.org\",\"@graph\":[{\"@type\":\"WebPage\",\"@id\":\"https:\\\/\\\/www.foodandjoy.be\\\/fr\\\/developpement-durable\\\/\",\"url\":\"https:\\\/\\\/www.foodandjoy.be\\\/fr\\\/developpement-durable\\\/\",\"name\":\"D\u00e9veloppement durable - Food N&#039;Joy\",\"isPartOf\":{\"@id\":\"https:\\\/\\\/www.foodandjoy.be\\\/fr\\\/#website\"},\"primaryImageOfPage\":{\"@id\":\"https:\\\/\\\/www.foodandjoy.be\\\/fr\\\/developpement-durable\\\/#primaryimage\"},\"image\":{\"@id\":\"https:\\\/\\\/www.foodandjoy.be\\\/fr\\\/developpement-durable\\\/#primaryimage\"},\"thumbnailUrl\":\"https:\\\/\\\/foodnjoy.misari.fr\\\/wp-content\\\/uploads\\\/2025\\\/06\\\/environment-tartlet.webp\",\"datePublished\":\"2025-06-02T07:43:51+00:00\",\"dateModified\":\"2025-09-02T09:21:12+00:00\",\"description\":\"Depuis plusieurs ann\u00e9es, Foodn\u2019joy s'engage dans une d\u00e9marche de d\u00e9veloppement durable : responsabilit\u00e9 sociale et environnementale.\",\"breadcrumb\":{\"@id\":\"https:\\\/\\\/www.foodandjoy.be\\\/fr\\\/developpement-durable\\\/#breadcrumb\"},\"inLanguage\":\"fr-FR\",\"potentialAction\":[{\"@type\":\"ReadAction\",\"target\":[\"https:\\\/\\\/www.foodandjoy.be\\\/fr\\\/developpement-durable\\\/\"]}]},{\"@type\":\"ImageObject\",\"inLanguage\":\"fr-FR\",\"@id\":\"https:\\\/\\\/www.foodandjoy.be\\\/fr\\\/developpement-durable\\\/#primaryimage\",\"url\":\"https:\\\/\\\/foodnjoy.misari.fr\\\/wp-content\\\/uploads\\\/2025\\\/06\\\/environment-tartlet.webp\",\"contentUrl\":\"https:\\\/\\\/foodnjoy.misari.fr\\\/wp-content\\\/uploads\\\/2025\\\/06\\\/environment-tartlet.webp\"},{\"@type\":\"BreadcrumbList\",\"@id\":\"https:\\\/\\\/www.foodandjoy.be\\\/fr\\\/developpement-durable\\\/#breadcrumb\",\"itemListElement\":[{\"@type\":\"ListItem\",\"position\":1,\"name\":\"Accueil\",\"item\":\"https:\\\/\\\/www.foodandjoy.be\\\/fr\\\/\"},{\"@type\":\"ListItem\",\"position\":2,\"name\":\"D\u00e9veloppement durable\"}]},{\"@type\":\"WebSite\",\"@id\":\"https:\\\/\\\/www.foodandjoy.be\\\/fr\\\/#website\",\"url\":\"https:\\\/\\\/www.foodandjoy.be\\\/fr\\\/\",\"name\":\"Food N&#039;Joy\",\"description\":\"\",\"publisher\":{\"@id\":\"https:\\\/\\\/www.foodandjoy.be\\\/fr\\\/#organization\"},\"potentialAction\":[{\"@type\":\"SearchAction\",\"target\":{\"@type\":\"EntryPoint\",\"urlTemplate\":\"https:\\\/\\\/www.foodandjoy.be\\\/fr\\\/?s={search_term_string}\"},\"query-input\":{\"@type\":\"PropertyValueSpecification\",\"valueRequired\":true,\"valueName\":\"search_term_string\"}}],\"inLanguage\":\"fr-FR\"},{\"@type\":\"Organization\",\"@id\":\"https:\\\/\\\/www.foodandjoy.be\\\/fr\\\/#organization\",\"name\":\"Food N&#039;Joy\",\"url\":\"https:\\\/\\\/www.foodandjoy.be\\\/fr\\\/\",\"logo\":{\"@type\":\"ImageObject\",\"inLanguage\":\"fr-FR\",\"@id\":\"https:\\\/\\\/www.foodandjoy.be\\\/fr\\\/#\\\/schema\\\/logo\\\/image\\\/\",\"url\":\"https:\\\/\\\/www.foodandjoy.be\\\/wp-content\\\/uploads\\\/2025\\\/05\\\/logo-foodandjoy-348x120-1.png\",\"contentUrl\":\"https:\\\/\\\/www.foodandjoy.be\\\/wp-content\\\/uploads\\\/2025\\\/05\\\/logo-foodandjoy-348x120-1.png\",\"width\":351,\"height\":120,\"caption\":\"Food N&#039;Joy\"},\"image\":{\"@id\":\"https:\\\/\\\/www.foodandjoy.be\\\/fr\\\/#\\\/schema\\\/logo\\\/image\\\/\"}}]}<\/script>\n<!-- \/ Yoast SEO plugin. -->","yoast_head_json":{"title":"D\u00e9veloppement durable - Food N&#039;Joy","description":"Depuis plusieurs ann\u00e9es, Foodn\u2019joy s'engage dans une d\u00e9marche de d\u00e9veloppement durable : responsabilit\u00e9 sociale et environnementale.","robots":{"index":"index","follow":"follow","max-snippet":"max-snippet:-1","max-image-preview":"max-image-preview:large","max-video-preview":"max-video-preview:-1"},"canonical":"https:\/\/www.foodandjoy.be\/fr\/developpement-durable\/","og_locale":"fr_FR","og_type":"article","og_title":"D\u00e9veloppement durable - Food N&#039;Joy","og_description":"Depuis plusieurs ann\u00e9es, Foodn\u2019joy s'engage dans une d\u00e9marche de d\u00e9veloppement durable : responsabilit\u00e9 sociale et environnementale.","og_url":"https:\/\/www.foodandjoy.be\/fr\/developpement-durable\/","og_site_name":"Food N&#039;Joy","article_modified_time":"2025-09-02T09:21:12+00:00","og_image":[{"url":"https:\/\/foodnjoy.misari.fr\/wp-content\/uploads\/2025\/06\/environment-tartlet.webp","type":"","width":"","height":""}],"twitter_card":"summary_large_image","twitter_misc":{"Dur\u00e9e de lecture estim\u00e9e":"2 minutes"},"schema":{"@context":"https:\/\/schema.org","@graph":[{"@type":"WebPage","@id":"https:\/\/www.foodandjoy.be\/fr\/developpement-durable\/","url":"https:\/\/www.foodandjoy.be\/fr\/developpement-durable\/","name":"D\u00e9veloppement durable - Food N&#039;Joy","isPartOf":{"@id":"https:\/\/www.foodandjoy.be\/fr\/#website"},"primaryImageOfPage":{"@id":"https:\/\/www.foodandjoy.be\/fr\/developpement-durable\/#primaryimage"},"image":{"@id":"https:\/\/www.foodandjoy.be\/fr\/developpement-durable\/#primaryimage"},"thumbnailUrl":"https:\/\/foodnjoy.misari.fr\/wp-content\/uploads\/2025\/06\/environment-tartlet.webp","datePublished":"2025-06-02T07:43:51+00:00","dateModified":"2025-09-02T09:21:12+00:00","description":"Depuis plusieurs ann\u00e9es, Foodn\u2019joy s'engage dans une d\u00e9marche de d\u00e9veloppement durable : responsabilit\u00e9 sociale et environnementale.","breadcrumb":{"@id":"https:\/\/www.foodandjoy.be\/fr\/developpement-durable\/#breadcrumb"},"inLanguage":"fr-FR","potentialAction":[{"@type":"ReadAction","target":["https:\/\/www.foodandjoy.be\/fr\/developpement-durable\/"]}]},{"@type":"ImageObject","inLanguage":"fr-FR","@id":"https:\/\/www.foodandjoy.be\/fr\/developpement-durable\/#primaryimage","url":"https:\/\/foodnjoy.misari.fr\/wp-content\/uploads\/2025\/06\/environment-tartlet.webp","contentUrl":"https:\/\/foodnjoy.misari.fr\/wp-content\/uploads\/2025\/06\/environment-tartlet.webp"},{"@type":"BreadcrumbList","@id":"https:\/\/www.foodandjoy.be\/fr\/developpement-durable\/#breadcrumb","itemListElement":[{"@type":"ListItem","position":1,"name":"Accueil","item":"https:\/\/www.foodandjoy.be\/fr\/"},{"@type":"ListItem","position":2,"name":"D\u00e9veloppement durable"}]},{"@type":"WebSite","@id":"https:\/\/www.foodandjoy.be\/fr\/#website","url":"https:\/\/www.foodandjoy.be\/fr\/","name":"Food N&#039;Joy","description":"","publisher":{"@id":"https:\/\/www.foodandjoy.be\/fr\/#organization"},"potentialAction":[{"@type":"SearchAction","target":{"@type":"EntryPoint","urlTemplate":"https:\/\/www.foodandjoy.be\/fr\/?s={search_term_string}"},"query-input":{"@type":"PropertyValueSpecification","valueRequired":true,"valueName":"search_term_string"}}],"inLanguage":"fr-FR"},{"@type":"Organization","@id":"https:\/\/www.foodandjoy.be\/fr\/#organization","name":"Food N&#039;Joy","url":"https:\/\/www.foodandjoy.be\/fr\/","logo":{"@type":"ImageObject","inLanguage":"fr-FR","@id":"https:\/\/www.foodandjoy.be\/fr\/#\/schema\/logo\/image\/","url":"https:\/\/www.foodandjoy.be\/wp-content\/uploads\/2025\/05\/logo-foodandjoy-348x120-1.png","contentUrl":"https:\/\/www.foodandjoy.be\/wp-content\/uploads\/2025\/05\/logo-foodandjoy-348x120-1.png","width":351,"height":120,"caption":"Food N&#039;Joy"},"image":{"@id":"https:\/\/www.foodandjoy.be\/fr\/#\/schema\/logo\/image\/"}}]}},"_links":{"self":[{"href":"https:\/\/www.foodandjoy.be\/fr\/wp-json\/wp\/v2\/pages\/2870","targetHints":{"allow":["GET"]}}],"collection":[{"href":"https:\/\/www.foodandjoy.be\/fr\/wp-json\/wp\/v2\/pages"}],"about":[{"href":"https:\/\/www.foodandjoy.be\/fr\/wp-json\/wp\/v2\/types\/page"}],"author":[{"embeddable":true,"href":"https:\/\/www.foodandjoy.be\/fr\/wp-json\/wp\/v2\/users\/1"}],"replies":[{"embeddable":true,"href":"https:\/\/www.foodandjoy.be\/fr\/wp-json\/wp\/v2\/comments?post=2870"}],"version-history":[{"count":4,"href":"https:\/\/www.foodandjoy.be\/fr\/wp-json\/wp\/v2\/pages\/2870\/revisions"}],"predecessor-version":[{"id":2992,"href":"https:\/\/www.foodandjoy.be\/fr\/wp-json\/wp\/v2\/pages\/2870\/revisions\/2992"}],"wp:attachment":[{"href":"https:\/\/www.foodandjoy.be\/fr\/wp-json\/wp\/v2\/media?parent=2870"}],"curies":[{"name":"wp","href":"https:\/\/api.w.org\/{rel}","templated":true}]}}